{"id":5883,"date":"2023-06-23T13:37:23","date_gmt":"2023-06-23T13:37:23","guid":{"rendered":"http:\/\/ebookdentalp.local\/?page_id=5883"},"modified":"2023-06-23T14:26:18","modified_gmt":"2023-06-23T14:26:18","slug":"privacy-policy-es","status":"publish","type":"page","link":"https:\/\/you.dental\/?page_id=5883&lang=es","title":{"rendered":"Privacy Policy-ES"},"content":{"rendered":"\t\t<div data-elementor-type=\"wp-page\" data-elementor-id=\"5883\" class=\"elementor elementor-5883\" data-elementor-post-type=\"page\">\n\t\t\t\t\t\t<section class=\"elementor-section elementor-top-section elementor-element elementor-element-32b6b254 elementor-section-boxed elementor-section-height-default elementor-section-height-default\" data-id=\"32b6b254\" data-element_type=\"section\">\n\t\t\t\t\t\t<div class=\"elementor-container elementor-column-gap-default\">\n\t\t\t\t\t<div class=\"elementor-column elementor-col-100 elementor-top-column elementor-element elementor-element-c3a29fe\" data-id=\"c3a29fe\" data-element_type=\"column\">\n\t\t\t<div class=\"elementor-widget-wrap elementor-element-populated\">\n\t\t\t\t\t\t<div class=\"elementor-element elementor-element-1070b2e elementor-widget elementor-widget-heading\" data-id=\"1070b2e\" data-element_type=\"widget\" data-widget_type=\"heading.default\">\n\t\t\t\t<div class=\"elementor-widget-container\">\n\t\t\t\t\t<h1 class=\"elementor-heading-title elementor-size-default\">Pol\u00edtica de privacidad de ebook.dental<\/h1>\t\t\t\t<\/div>\n\t\t\t\t<\/div>\n\t\t\t\t<div class=\"elementor-element elementor-element-5c7fdcb3 elementor-widget elementor-widget-text-editor\" data-id=\"5c7fdcb3\" data-element_type=\"widget\" data-widget_type=\"text-editor.default\">\n\t\t\t\t<div class=\"elementor-widget-container\">\n\t\t\t\t\t\t\t\t\t<p><\/p>\n<p style=\"margin-bottom: 0.5rem; line-height: 1.3;\"><span style=\"font-size: 14px; font-weight: 400; color: #777777; font-family: 'Open Sans', Helvetica, Arial, sans-serif; font-style: inherit; background-color: var(--ast-global-color-4);\">Esta Aplicaci\u00f3n recopila algunos Datos Personales de sus Usuarios.<\/span><\/p>\n<p style=\"margin-bottom: 0.5rem; line-height: 1.3;\"><span style=\"color: #777777; font-family: Open Sans, Helvetica, Arial, sans-serif;\"><span style=\"font-size: 14px; font-weight: 400;\">Este documento se puede imprimir utilizando el comando de impresi\u00f3n presente en la configuraci\u00f3n de cualquier navegador.<\/span><\/span><\/p>\n<h1 class=\"wp-block-heading\" style=\"margin-bottom: 0.5rem; line-height: 1.3;\"><span style=\"color: #000000; font-family: Dosis, Helvetica, Arial, sans-serif;\"><span style=\"font-size: 28px;\">Responsable del tratamiento de datos<\/span><\/span><\/h1>\n<p style=\"margin-bottom: 0.5rem; line-height: 1.3;\"><span style=\"color: #777777; font-family: 'Open Sans', Helvetica, Arial, sans-serif; font-size: 14px; font-weight: 400; background-color: var(--ast-global-color-4);\">teamwork media srl &#8211; via Sicilia, 21a &#8211; 25069 Villa Carcina (BS)<\/span><\/p>\n<p style=\"margin-bottom: 1rem; color: #777777; font-family: 'Open Sans', Helvetica, Arial, sans-serif; font-size: 14px; font-style: normal;\"><span style=\"font-weight: 400;\"><span style=\"font-weight: bolder; color: #000000;\">Indirizzo email del Titolare:<\/span>\u00a0<\/span><b>info@teamwork-media.com<\/b><\/p>\n<h2 style=\"margin-bottom: 0.5rem; font-family: Dosis, Helvetica, Arial, sans-serif; line-height: 1.3; color: #000000; font-size: 28px; font-style: normal;\">Tipologie di Dati raccolti<\/h2>\n<p style=\"margin-bottom: 1rem; color: #777777; font-family: 'Open Sans', Helvetica, Arial, sans-serif; font-size: 14px; font-style: normal; font-weight: 400;\">Fra i Dati Personali raccolti da questa Applicazione, in modo autonomo o tramite terze parti, ci sono: Dati di utilizzo; Strumento di Tracciamento; nome; cognome; email; numero di telefono; informazioni di pagamento; indirizzo di fatturazione.<\/p>\n<p style=\"margin-bottom: 1rem; color: #777777; font-family: 'Open Sans', Helvetica, Arial, sans-serif; font-size: 14px; font-style: normal; font-weight: 400;\">Dettagli completi su ciascuna tipologia di dati raccolti sono forniti nelle sezioni dedicate di questa privacy policy o mediante specifici testi informativi visualizzati prima della raccolta dei dati stessi.<br \/>I Dati Personali possono essere liberamente forniti dall&#8217;Utente o, nel caso di Dati di Utilizzo, raccolti automaticamente durante l&#8217;uso di questa Applicazione.<br \/>Se non diversamente specificato, tutti i Dati richiesti da questa Applicazione sono obbligatori. Se l\u2019Utente rifiuta di comunicarli, potrebbe essere impossibile per questa Applicazione fornire il Servizio. Nei casi in cui questa Applicazione indichi alcuni Dati come facoltativi, gli Utenti sono liberi di astenersi dal comunicare tali Dati, senza che ci\u00f2 abbia alcuna conseguenza sulla disponibilit\u00e0 del Servizio o sulla sua operativit\u00e0.<br \/>Gli Utenti che dovessero avere dubbi su quali Dati siano obbligatori, sono incoraggiati a contattare il Titolare.<br \/>L\u2019eventuale utilizzo di Cookie &#8211; o di altri strumenti di tracciamento &#8211; da parte di questa Applicazione o dei titolari dei servizi terzi utilizzati da questa Applicazione, ove non diversamente precisato, ha la finalit\u00e0 di fornire il Servizio richiesto dall&#8217;Utente, oltre alle ulteriori finalit\u00e0 descritte nel presente documento e nella Cookie Policy, se disponibile.<\/p>\n<p style=\"margin-bottom: 1rem; color: #777777; font-family: 'Open Sans', Helvetica, Arial, sans-serif; font-size: 14px; font-style: normal; font-weight: 400;\">L&#8217;Utente si assume la responsabilit\u00e0 dei Dati Personali di terzi ottenuti, pubblicati o condivisi mediante questa Applicazione e garantisce di avere il diritto di comunicarli o diffonderli, liberando il Titolare da qualsiasi responsabilit\u00e0 verso terzi.<\/p>\n<h2 style=\"margin-bottom: 0.5rem; font-family: Dosis, Helvetica, Arial, sans-serif; line-height: 1.3; color: #000000; font-size: 28px; font-style: normal;\">Modalit\u00e0 e luogo del trattamento dei Dati raccolti<\/h2>\n<h3 style=\"margin-bottom: 0.5rem; font-family: Dosis, Helvetica, Arial, sans-serif; line-height: 1.3; color: #000000; font-size: 24px; font-style: normal;\">Modalit\u00e0 di trattamento<\/h3>\n<p style=\"margin-bottom: 1rem; color: #777777; font-family: 'Open Sans', Helvetica, Arial, sans-serif; font-size: 14px; font-style: normal; font-weight: 400;\">Il Titolare adotta le opportune misure di sicurezza volte ad impedire l\u2019accesso, la divulgazione, la modifica o la distruzione non autorizzate dei Dati Personali.<br \/>Il trattamento viene effettuato mediante strumenti informatici e\/o telematici, con modalit\u00e0 organizzative e con logiche strettamente correlate alle finalit\u00e0 indicate. Oltre al Titolare, in alcuni casi, potrebbero avere accesso ai Dati altri soggetti coinvolti nell\u2019organizzazione di questa Applicazione (personale amministrativo, commerciale, marketing, legali, amministratori di sistema) ovvero soggetti esterni (come fornitori di servizi tecnici terzi, corrieri postali, hosting provider, societ\u00e0 informatiche, agenzie di comunicazione) nominati anche, se necessario, Responsabili del Trattamento da parte del Titolare. L\u2019elenco aggiornato dei Responsabili potr\u00e0 sempre essere richiesto al Titolare del Trattamento.<\/p>\n<h3 style=\"margin-bottom: 0.5rem; font-family: Dosis, Helvetica, Arial, sans-serif; line-height: 1.3; color: #000000; font-size: 24px; font-style: normal;\">Base giuridica del trattamento<\/h3>\n<p style=\"margin-bottom: 1rem; color: #777777; font-family: 'Open Sans', Helvetica, Arial, sans-serif; font-size: 14px; font-style: normal; font-weight: 400;\">Il Titolare tratta Dati Personali relativi all\u2019Utente in caso sussista una delle seguenti condizioni:<\/p>\n<ul style=\"margin-bottom: 1.75em; margin-left: 1.25em; color: #777777; font-family: 'Open Sans', Helvetica, Arial, sans-serif; font-size: 14px; font-style: normal; font-weight: 400;\">\n<li>l\u2019Utente ha prestato il consenso per una o pi\u00f9 finalit\u00e0 specifiche; Nota: in alcuni ordinamenti il Titolare pu\u00f2 essere autorizzato a trattare Dati Personali senza che debba sussistere il consenso dell\u2019Utente o un\u2019altra delle basi giuridiche specificate di seguito, fino a quando l\u2019Utente non si opponga (\u201copt-out\u201d) a tale trattamento. Ci\u00f2 non \u00e8 tuttavia applicabile qualora il trattamento di Dati Personali sia regolato dalla legislazione europea in materia di protezione dei Dati Personali;<\/li>\n<li>il trattamento \u00e8 necessario all&#8217;esecuzione di un contratto con l\u2019Utente e\/o all&#8217;esecuzione di misure precontrattuali;<\/li>\n<li>il trattamento \u00e8 necessario per adempiere un obbligo legale al quale \u00e8 soggetto il Titolare;<\/li>\n<li>il trattamento \u00e8 necessario per l&#8217;esecuzione di un compito di interesse pubblico o per l&#8217;esercizio di pubblici poteri di cui \u00e8 investito il Titolare;<\/li>\n<li>il trattamento \u00e8 necessario per il perseguimento del legittimo interesse del Titolare o di terzi.<\/li>\n<\/ul>\n<p style=\"margin-bottom: 1rem; color: #777777; font-family: 'Open Sans', Helvetica, Arial, sans-serif; font-size: 14px; font-style: normal; font-weight: 400;\">\u00c8 comunque sempre possibile richiedere al Titolare di chiarire la concreta base giuridica di ciascun trattamento ed in particolare di specificare se il trattamento sia basato sulla legge, previsto da un contratto o necessario per concludere un contratto.<\/p>\n<h3 style=\"margin-bottom: 0.5rem; font-family: Dosis, Helvetica, Arial, sans-serif; line-height: 1.3; color: #000000; font-size: 24px; font-style: normal;\">Luogo<\/h3>\n<p style=\"margin-bottom: 1rem; color: #777777; font-family: 'Open Sans', Helvetica, Arial, sans-serif; font-size: 14px; font-style: normal; font-weight: 400;\">I Dati sono trattati presso le sedi operative del Titolare ed in ogni altro luogo in cui le parti coinvolte nel trattamento siano localizzate. Per ulteriori informazioni, contatta il Titolare.<br \/>I Dati Personali dell\u2019Utente potrebbero essere trasferiti in un paese diverso da quello in cui l\u2019Utente si trova. Per ottenere ulteriori informazioni sul luogo del trattamento l\u2019Utente pu\u00f2 fare riferimento alla sezione relativa ai dettagli sul trattamento dei Dati Personali.<\/p>\n<p style=\"margin-bottom: 1rem; color: #777777; font-family: 'Open Sans', Helvetica, Arial, sans-serif; font-size: 14px; font-style: normal; font-weight: 400;\">L\u2019Utente ha diritto a ottenere informazioni in merito alla base giuridica del trasferimento di Dati al di fuori dell\u2019Unione Europea o ad un\u2019organizzazione internazionale di diritto internazionale pubblico o costituita da due o pi\u00f9 paesi, come ad esempio l\u2019ONU, nonch\u00e9 in merito alle misure di sicurezza adottate dal Titolare per proteggere i Dati.<\/p>\n<p>L\u2019Utente pu\u00f2 verificare se abbia luogo uno dei trasferimenti appena descritti esaminando la sezione di questo documento relativa ai dettagli sul trattamento di Dati Personali o chiedere informazioni al Titolare contattandolo agli estremi riportati in apertura.<\/p>\n<h3 style=\"margin-bottom: 0.5rem; line-height: 1.3;\"><span style=\"color: #000000; font-family: Dosis, Helvetica, Arial, sans-serif;\">Periodo de conservaci\u00f3n<\/span><\/h3>\n<h3 style=\"margin-bottom: 0.5rem; line-height: 1.3;\"><span style=\"color: #777777; font-family: Open Sans, Helvetica, Arial, sans-serif;\"><span style=\"font-size: 14px; font-weight: 400;\">Los datos se tratan y conservan durante el tiempo necesario para los fines para los que fueron recopilados.<\/span><\/span><\/h3>\n<h3 style=\"margin-bottom: 0.5rem; line-height: 1.3;\"><span style=\"color: #777777; font-family: Open Sans, Helvetica, Arial, sans-serif;\"><span style=\"font-size: 14px; font-weight: 400;\">Por lo tanto:<\/span><\/span><\/h3>\n<ul style=\"margin-bottom: 1.75em; margin-left: 1.25em;\">\n<li><span style=\"color: #777777; font-family: Open Sans, Helvetica, Arial, sans-serif;\"><span style=\"font-size: 14px;\">Los datos personales recopilados para fines relacionados con la ejecuci\u00f3n de un contrato entre el responsable y el usuario se conservar\u00e1n hasta que se complete la ejecuci\u00f3n de dicho contrato.<\/span><\/span><\/li>\n<li><span style=\"color: #777777; font-family: Open Sans, Helvetica, Arial, sans-serif;\"><span style=\"font-size: 14px;\">Los datos personales recopilados para fines relacionados con el inter\u00e9s leg\u00edtimo del responsable se conservar\u00e1n hasta que se satisfaga dicho inter\u00e9s. El usuario puede obtener m\u00e1s informaci\u00f3n sobre el inter\u00e9s leg\u00edtimo perseguido por el responsable en las secciones correspondientes de este documento o contactando al responsable.<\/span><\/span><\/li>\n<\/ul>\n<p><span style=\"font-size: 14px; color: #777777; font-family: 'Open Sans', Helvetica, Arial, sans-serif; font-style: inherit; font-weight: inherit; background-color: var(--ast-global-color-4);\">Cuando el tratamiento se basa en el consentimiento del usuario, el responsable puede conservar los datos personales por m\u00e1s tiempo hasta que se revoque dicho consentimiento. Adem\u00e1s, el responsable puede estar obligado a conservar los datos personales por un per\u00edodo m\u00e1s largo en cumplimiento de una obligaci\u00f3n legal o por orden de una autoridad.<\/span><\/p>\n<div>\n<p><span style=\"background-color: var(--ast-global-color-4); color: #777777; font-family: 'Open Sans', Helvetica, Arial, sans-serif; font-size: 14px; font-style: inherit; font-weight: inherit;\">Al finalizar el per\u00edodo de conservaci\u00f3n, los datos personales se eliminar\u00e1n. Por lo tanto, al finalizar dicho per\u00edodo, no se podr\u00e1 ejercer el derecho de acceso, eliminaci\u00f3n, rectificaci\u00f3n y el derecho a la portabilidad de los datos.<\/span><\/p>\n<p><span style=\"color: #000000; font-family: Dosis, Helvetica, Arial, sans-serif;\"><span style=\"font-size: 28px;\"><b>Finalidad del tratamiento de los datos recopilados<\/b><\/span><\/span><\/p>\n<p><span style=\"color: #777777; font-family: Open Sans, Helvetica, Arial, sans-serif;\"><span style=\"font-size: 14px;\">Los datos del usuario se recopilan para permitir al responsable proporcionar el servicio, cumplir con las obligaciones legales, responder a solicitudes o acciones ejecutivas, proteger sus propios derechos e intereses (o los de los usuarios o terceros), detectar cualquier actividad fraudulenta o fraudulenta, as\u00ed como para los siguientes fines: visualizaci\u00f3n de contenido de plataformas externas, estad\u00edsticas, contacto con el usuario y gesti\u00f3n de pagos.<\/span><\/span><\/p>\n<p><span style=\"color: #777777; font-family: Open Sans, Helvetica, Arial, sans-serif;\"><span style=\"font-size: 14px;\">Para obtener informaci\u00f3n detallada sobre los fines del tratamiento y los datos personales tratados para cada fin, el usuario puede consultar la secci\u00f3n &#8220;Detalles sobre el tratamiento de datos personales&#8221;.<\/span><\/span><span style=\"background-color: var(--ast-global-color-4); color: #777777; font-family: 'Open Sans', Helvetica, Arial, sans-serif; font-size: 14px; font-style: inherit; font-weight: inherit;\">\u00a0<\/span><\/p>\n<h2 style=\"margin-bottom: 0.5rem; line-height: 1.3;\"><span style=\"color: #000000; font-family: Dosis, Helvetica, Arial, sans-serif;\"><span style=\"font-size: 28px;\">Detalles sobre el tratamiento de datos personales<\/span><\/span><\/h2>\n<h2 style=\"margin-bottom: 0.5rem; line-height: 1.3;\"><span style=\"color: #777777; font-family: Open Sans, Helvetica, Arial, sans-serif;\"><span style=\"font-size: 14px; font-weight: 400;\">Los datos personales se recopilan para los siguientes fines y utilizando los siguientes servicios:<\/span><\/span><\/h2>\n<h2 style=\"margin-bottom: 0.5rem; line-height: 1.3;\"><span style=\"color: #000000; font-family: Dosis, Helvetica, Arial, sans-serif;\"><span style=\"font-size: 24px;\">Contacto con el usuario<\/span><\/span><\/h2>\n<h2 style=\"margin-bottom: 0.5rem; line-height: 1.3;\"><span style=\"color: #000000; font-family: Dosis, Helvetica, Arial, sans-serif;\"><span style=\"font-size: 18px;\">Formulario de contacto (esta Aplicaci\u00f3n)<\/span><\/span><\/h2>\n<p style=\"margin-bottom: 0.5rem; line-height: 1.3;\"><span style=\"color: #777777; font-family: Open Sans, Helvetica, Arial, sans-serif;\"><span style=\"font-size: 14px; font-weight: 400;\">Al completar el formulario de contacto con sus datos, el usuario acepta su uso para responder a solicitudes de informaci\u00f3n, presupuestos u otros tipos de solicitudes indicadas en el encabezado del formulario.<\/span><\/span><\/p>\n<p style=\"margin-bottom: 0.5rem; line-height: 1.3;\"><span style=\"color: #777777; font-family: Open Sans, Helvetica, Arial, sans-serif;\"><span style=\"font-size: 14px; font-weight: 400;\"><br \/><\/span><\/span><span style=\"color: #777777; font-family: Open Sans, Helvetica, Arial, sans-serif;\"><span style=\"font-size: 14px; font-weight: 400;\">Datos personales tratados: apellido, correo electr\u00f3nico, nombre.<\/span><\/span><\/p>\n<h2 style=\"margin-bottom: 0.5rem; line-height: 1.3;\"><span style=\"color: #000000; font-family: Dosis, Helvetica, Arial, sans-serif;\"><span style=\"font-size: 24px;\">Gesti\u00f3n de pagos<\/span><\/span><\/h2>\n<p style=\"margin-bottom: 0.5rem; line-height: 1.3;\"><span style=\"color: #777777; font-family: Open Sans, Helvetica, Arial, sans-serif;\"><span style=\"font-size: 14px; font-weight: 400;\">Salvo que se indique lo contrario, esta Aplicaci\u00f3n procesa todos los pagos con tarjeta de cr\u00e9dito, transferencia bancaria u otros medios a trav\u00e9s de proveedores externos de servicios de pago. En general, a menos que se indique lo contrario, se solicita a los usuarios que proporcionen los detalles de pago y la informaci\u00f3n personal directamente a estos proveedores de servicios de pago.<\/span><\/span><\/p>\n<p style=\"margin-bottom: 0.5rem; line-height: 1.3;\"><span style=\"color: #777777; font-family: Open Sans, Helvetica, Arial, sans-serif;\"><span style=\"font-size: 14px; font-weight: 400;\"><br \/><\/span><\/span><span style=\"color: #777777; font-family: Open Sans, Helvetica, Arial, sans-serif;\"><span style=\"font-size: 14px; font-weight: 400;\">Esta Aplicaci\u00f3n no est\u00e1 involucrada en la recopilaci\u00f3n y el procesamiento de dicha informaci\u00f3n: en su lugar, solo recibir\u00e1 una notificaci\u00f3n por parte del proveedor de servicios de pago en cuesti\u00f3n sobre el pago realizado.<\/span><\/span><\/p>\n<h2 style=\"margin-bottom: 0.5rem; font-family: Dosis, Helvetica, Arial, sans-serif; line-height: 1.3; color: #000000; font-size: 28px; font-style: normal;\"><span style=\"background-color: var(--ast-global-color-4); font-size: 18px;\">PayPal (Paypal)<\/span><\/h2>\n<p style=\"margin-bottom: 1rem;\"><span style=\"color: #777777; font-family: Open Sans, Helvetica, Arial, sans-serif;\"><span style=\"font-size: 14px;\">PayPal es un servicio de pago proporcionado por PayPal Inc., que permite al usuario realizar pagos en l\u00ednea.<\/span><\/span><\/p>\n<p style=\"margin-bottom: 1rem;\"><span style=\"color: #777777; font-family: Open Sans, Helvetica, Arial, sans-serif;\"><span style=\"font-size: 14px;\">Datos personales tratados: apellido, correo electr\u00f3nico, direcci\u00f3n de facturaci\u00f3n, informaci\u00f3n de pago, nombre, n\u00famero de tel\u00e9fono.<\/span><\/span><\/p>\n<p style=\"margin-bottom: 1rem;\"><span style=\"color: #777777; font-family: Open Sans, Helvetica, Arial, sans-serif;\"><span style=\"font-size: 14px;\">Lugar de tratamiento: Consulte la pol\u00edtica de privacidad de PayPal &#8211; <a href=\"https:\/\/www.paypal.com\/webapps\/mpp\/ua\/privacy-full\">Pol\u00edtica de privacidad<\/a>.<\/span><\/span><\/p>\n<p style=\"margin-bottom: 1rem;\"><span style=\"color: #000000; font-family: Dosis, Helvetica, Arial, sans-serif;\"><span style=\"font-size: 24px;\"><b>Estad\u00edsticas<\/b><\/span><\/span><\/p>\n<p style=\"margin-bottom: 1rem;\"><span style=\"color: #777777; font-family: Open Sans, Helvetica, Arial, sans-serif;\"><span style=\"font-size: 14px;\">Los servicios incluidos en esta secci\u00f3n permiten al Responsable del Tratamiento monitorear y analizar los datos de tr\u00e1fico, y sirven para realizar un seguimiento del comportamiento del Usuario.<\/span><\/span><\/p>\n<p style=\"margin-bottom: 1rem; color: #777777; font-family: 'Open Sans', Helvetica, Arial, sans-serif; font-size: 14px; font-style: normal; font-weight: 400;\"><span style=\"background-color: var(--ast-global-color-4); color: #000000; font-family: Dosis, Helvetica, Arial, sans-serif; font-size: 18px; font-weight: 800;\">Google Analytics (Google Ireland Limited)<\/span><\/p>\n<p style=\"margin-bottom: 1rem;\"><span style=\"color: #777777; font-family: Open Sans, Helvetica, Arial, sans-serif;\"><span style=\"font-size: 14px;\">Google Analytics es un servicio de an\u00e1lisis web proporcionado por Google Ireland Limited (&#8220;Google&#8221;). Google utiliza los Datos Personales recopilados con el fin de rastrear y examinar el uso de esta Aplicaci\u00f3n, compilar informes y compartirlos con otros servicios desarrollados por Google. Google puede utilizar los Datos Personales para contextualizar y personalizar los anuncios de su red publicitaria.<\/span><\/span><\/p>\n<p style=\"margin-bottom: 1rem; color: #777777; font-family: 'Open Sans', Helvetica, Arial, sans-serif; font-size: 14px; font-style: normal; font-weight: 400;\"><span style=\"font-style: inherit; font-weight: inherit; background-color: var(--ast-global-color-4);\">Datos Personales tratados: Datos de uso; Herramienta de seguimiento.<\/span><\/p>\n<p style=\"margin-bottom: 1rem;\"><span style=\"color: #777777; font-family: Open Sans, Helvetica, Arial, sans-serif;\"><span style=\"font-size: 14px;\">Lugar de tratamiento: Irlanda &#8211; <a href=\"https:\/\/policies.google.com\/privacy\">Pol\u00edtica de privacidad<\/a> &#8211; <a href=\"https:\/\/tools.google.com\/dlpage\/gaoptout?hl=en\">Opt Out<\/a>.<\/span><\/span><\/p>\n<p style=\"margin-bottom: 1rem;\"><span style=\"color: #000000; font-family: Dosis, Helvetica, Arial, sans-serif;\"><span style=\"font-size: 24px;\"><b>Visualizaci\u00f3n de contenido desde plataformas externas<\/b><\/span><\/span><\/p>\n<p style=\"margin-bottom: 1rem;\"><span style=\"color: #777777; font-family: Open Sans, Helvetica, Arial, sans-serif;\"><span style=\"font-size: 14px;\">Este tipo de servicios permite la visualizaci\u00f3n de contenido alojado en plataformas externas directamente desde las p\u00e1ginas de esta Aplicaci\u00f3n, as\u00ed como interactuar con ellos. Este tipo de servicio puede recopilar datos de tr\u00e1fico web en las p\u00e1ginas donde est\u00e1 instalado, incluso si los usuarios no lo utilizan activamente.<\/span><\/span><\/p>\n<p style=\"margin-bottom: 1rem; color: #777777; font-family: 'Open Sans', Helvetica, Arial, sans-serif; font-size: 14px; font-style: normal; font-weight: 400;\"><span style=\"color: #000000; font-family: Dosis, Helvetica, Arial, sans-serif; font-size: 18px; font-weight: 800; background-color: var(--ast-global-color-4);\">Google Fonts (Google Ireland Limited)<\/span><\/p>\n<p style=\"margin-bottom: 1rem;\"><span style=\"color: #777777; font-family: Open Sans, Helvetica, Arial, sans-serif;\"><span style=\"font-size: 14px;\">Google Fonts es un servicio de visualizaci\u00f3n de estilos de fuente gestionado por Google Ireland Limited, que permite a esta Aplicaci\u00f3n integrar dicho contenido en sus p\u00e1ginas.<\/span><\/span><\/p>\n<p style=\"margin-bottom: 1rem;\"><span style=\"color: #777777; font-family: Open Sans, Helvetica, Arial, sans-serif;\"><span style=\"font-size: 14px;\">Datos Personales tratados: Datos de uso; Varios tipos de datos seg\u00fan lo especificado en la pol\u00edtica de privacidad del servicio.<\/span><\/span><\/p>\n<p style=\"margin-bottom: 1rem;\"><span style=\"color: #777777; font-family: Open Sans, Helvetica, Arial, sans-serif;\"><span style=\"font-size: 14px;\">Lugar de tratamiento: Irlanda &#8211; <a href=\"https:\/\/policies.google.com\/privacy\">Pol\u00edtica de privacidad.<\/a><\/span><\/span><\/p>\n<p style=\"margin-bottom: 1rem; color: #777777; font-family: 'Open Sans', Helvetica, Arial, sans-serif; font-size: 14px; font-style: normal; font-weight: 400;\"><span style=\"color: #000000; font-family: Dosis, Helvetica, Arial, sans-serif; font-size: 18px; font-weight: 800; background-color: var(--ast-global-color-4);\">Font Awesome (Fonticons, Inc. )<\/span><\/p>\n<p style=\"margin-bottom: 1rem;\"><span style=\"color: #777777; font-family: Open Sans, Helvetica, Arial, sans-serif;\"><span style=\"font-size: 14px;\">Font Awesome es un servicio de visualizaci\u00f3n de estilos de fuente gestionado por Fonticons, Inc., que permite a esta Aplicaci\u00f3n integrar dicho contenido en sus p\u00e1ginas.<\/span><\/span><\/p>\n<p style=\"margin-bottom: 1rem;\"><span style=\"color: #777777; font-family: Open Sans, Helvetica, Arial, sans-serif;\"><span style=\"font-size: 14px;\">Datos Personales tratados: Datos de uso.<\/span><\/span><\/p>\n<p style=\"margin-bottom: 1rem;\"><span style=\"color: #777777; font-family: Open Sans, Helvetica, Arial, sans-serif;\"><span style=\"font-size: 14px;\">Lugar de tratamiento: Estados Unidos &#8211; <a href=\"https:\/\/fontawesome.com\/privacy\">Pol\u00edtica de privacidad<\/a>.<\/span><\/span><span style=\"background-color: var(--ast-global-color-4); color: #777777; font-family: 'Open Sans', Helvetica, Arial, sans-serif; font-size: 14px; font-style: inherit; font-weight: inherit;\">\u00a0<\/span><\/p>\n<h2 style=\"margin-bottom: 0.5rem; line-height: 1.3;\"><span style=\"color: #000000; font-family: Dosis, Helvetica, Arial, sans-serif;\"><span style=\"font-size: 28px;\">M\u00e1s informaci\u00f3n sobre el tratamiento de Datos Personales<\/span><\/span><\/h2>\n<h2 style=\"margin-bottom: 0.5rem; line-height: 1.3;\"><span style=\"color: #000000; font-family: Dosis, Helvetica, Arial, sans-serif;\"><span style=\"font-size: 24px;\">Venta de bienes y servicios en l\u00ednea<\/span><\/span><\/h2>\n<p style=\"margin-bottom: 0.5rem; line-height: 1.3;\"><span style=\"color: #777777; font-family: Open Sans, Helvetica, Arial, sans-serif;\"><span style=\"font-size: 14px; font-weight: 400;\">Los Datos Personales recopilados se utilizan para la prestaci\u00f3n de servicios al Usuario o para la venta de productos, incluyendo el pago y, en su caso, la entrega. Los Datos Personales recopilados para procesar el pago pueden incluir los relacionados con la tarjeta de cr\u00e9dito, la cuenta bancaria utilizada para la transferencia u otros medios de pago previstos. Los Datos de pago recopilados por esta Aplicaci\u00f3n dependen del sistema de pago utilizado.<\/span><\/span><\/p>\n<h2 style=\"margin-bottom: 0.5rem; line-height: 1.3;\"><span style=\"color: #000000; font-family: Dosis, Helvetica, Arial, sans-serif;\"><span style=\"font-size: 28px;\">Derechos del Usuario<\/span><\/span><\/h2>\n<h2 style=\"margin-bottom: 0.5rem; line-height: 1.3;\"><span style=\"color: #777777; font-family: Open Sans, Helvetica, Arial, sans-serif;\"><span style=\"font-size: 14px; font-weight: 400;\">Los Usuarios pueden ejercer ciertos derechos con respecto a los Datos tratados por el Responsable.<\/span><\/span><\/h2>\n<h2 style=\"margin-bottom: 0.5rem; line-height: 1.3;\"><span style=\"color: #777777; font-family: Open Sans, Helvetica, Arial, sans-serif;\"><span style=\"font-size: 14px; font-weight: 400;\">En particular, el Usuario tiene derecho a:<\/span><\/span><\/h2>\n<ul style=\"margin-bottom: 1.75em; margin-left: 1.25em;\">\n<li><span style=\"color: #000000; font-family: Open Sans, Helvetica, Arial, sans-serif;\"><span style=\"font-size: 14px;\"><b>revocar su consentimiento en cualquier momento. <\/b>El Usuario puede revocar el consentimiento otorgado previamente para el tratamiento de sus Datos Personales.<\/span><\/span><\/li>\n<li><span style=\"color: #000000; font-family: Open Sans, Helvetica, Arial, sans-serif;\"><span style=\"font-size: 14px;\"><b>oponerse al tratamiento de sus Datos. <\/b>El Usuario puede oponerse al tratamiento de sus Datos cuando se realice sobre una base jur\u00eddica distinta al consentimiento. Para m\u00e1s detalles sobre el derecho de oposici\u00f3n, consulte la secci\u00f3n que se encuentra a continuaci\u00f3n.<\/span><\/span><\/li>\n<li><span style=\"color: #000000; font-family: Open Sans, Helvetica, Arial, sans-serif;\"><span style=\"font-size: 14px;\"><b>acceder a sus Datos. <\/b>El Usuario tiene derecho a obtener informaci\u00f3n sobre los Datos tratados por el Responsable, sobre determinados aspectos del tratamiento y a obtener una copia de los Datos tratados.<\/span><\/span><\/li>\n<li><span style=\"color: #000000; font-family: Open Sans, Helvetica, Arial, sans-serif;\"><span style=\"font-size: 14px;\"><b>verificar y solicitar la rectificaci\u00f3n. <\/b>El Usuario puede verificar la exactitud de sus Datos y solicitar su actualizaci\u00f3n o correcci\u00f3n.<\/span><\/span><\/li>\n<li><span style=\"color: #000000; font-family: Open Sans, Helvetica, Arial, sans-serif;\"><span style=\"font-size: 14px;\"><b>obtener la limitaci\u00f3n del tratamiento. <\/b>Bajo ciertas condiciones, el Usuario puede solicitar la limitaci\u00f3n del tratamiento de sus Datos. En tal caso, el Responsable no los tratar\u00e1 para ning\u00fan otro fin que no sea su almacenamiento.<\/span><\/span><\/li>\n<li><span style=\"color: #000000; font-family: Open Sans, Helvetica, Arial, sans-serif;\"><span style=\"font-size: 14px;\"><b>obtener la supresi\u00f3n o eliminaci\u00f3n de sus Datos Personales. <\/b>Bajo ciertas condiciones, el Usuario puede solicitar la supresi\u00f3n de sus Datos por parte del Responsable.<\/span><\/span><\/li>\n<li><span style=\"color: #000000; font-family: Open Sans, Helvetica, Arial, sans-serif;\"><span style=\"font-size: 14px;\"><b>recibir sus Datos o transferirlos a otro responsable. <\/b>El Usuario tiene derecho a recibir sus Datos en un formato estructurado, de uso com\u00fan y lectura mec\u00e1nica, y, cuando sea t\u00e9cnicamente posible, a que se transmitan a otro responsable sin impedimentos. Esta disposici\u00f3n es aplicable cuando los Datos se tratan con herramientas automatizadas y el tratamiento se basa en el consentimiento del Usuario, en un contrato del que el Usuario es parte o en medidas contractuales relacionadas con \u00e9l.<\/span><\/span><\/li>\n<li><span style=\"color: #000000; font-family: Open Sans, Helvetica, Arial, sans-serif;\"><span style=\"font-size: 14px;\"><b>presentar una reclamaci\u00f3n. <\/b>El Usuario puede presentar una reclamaci\u00f3n ante la autoridad de control de protecci\u00f3n de datos personal competente o ejercer acciones legales.<\/span><\/span><\/li>\n<\/ul>\n<h3 style=\"margin-bottom: 0.5rem; line-height: 1.3;\"><span style=\"color: #000000; font-family: Dosis, Helvetica, Arial, sans-serif;\">Detalles sobre el derecho de oposici\u00f3n<\/span><\/h3>\n<p><span style=\"color: #777777; font-family: Open Sans, Helvetica, Arial, sans-serif;\"><span style=\"font-size: 14px; font-weight: 400;\">Cuando los Datos Personales se traten en inter\u00e9s p\u00fablico, en el ejercicio de poderes p\u00fablicos conferidos al Responsable o para la satisfacci\u00f3n de un inter\u00e9s leg\u00edtimo perseguido por el Responsable, los Usuarios tienen derecho a oponerse al tratamiento por motivos relacionados con su situaci\u00f3n particular.<\/span><\/span><\/p>\n<p><span style=\"font-size: 14px;\">Se informa a los Usuarios que, si sus Datos se tratan con fines de marketing directo, pueden oponerse al tratamiento sin necesidad de justificaci\u00f3n. Para saber si el Responsable trata datos con fines de marketing directo, los Usuarios pueden consultar las respectivas secciones de este documento.<\/span><\/p>\n<h3 style=\"margin-bottom: 0.5rem; line-height: 1.3;\"><span style=\"color: #000000; font-family: Dosis, Helvetica, Arial, sans-serif;\">C\u00f3mo ejercer los derechos<\/span><\/h3>\n<h3 style=\"margin-bottom: 0.5rem; line-height: 1.3;\"><span style=\"color: #777777; font-family: Open Sans, Helvetica, Arial, sans-serif;\"><span style=\"font-size: 14px; font-weight: 400;\">Para ejercer los derechos del Usuario, los Usuarios pueden dirigir una solicitud a los datos de contacto del Responsable indicados en este documento. Las solicitudes se presentan de forma gratuita y el Responsable las procesar\u00e1 en el menor tiempo posible, en cualquier caso, en un plazo de un mes.<\/span><\/span><\/h3>\n<p style=\"margin-bottom: 0.5rem; line-height: 1.3;\"><span style=\"color: #777777; font-family: Open Sans, Helvetica, Arial, sans-serif;\"><span style=\"font-weight: 400; font-size: 14px;\">Esta Aplicaci\u00f3n utiliza Herramientas de Seguimiento. Para obtener m\u00e1s informaci\u00f3n, el Usuario puede consultar la <a href=\"https:\/\/www.iubenda.com\/privacy-policy\/46885517\/cookie-policy\">Pol\u00edtica de Cookies<\/a>.<\/span><\/span><\/p>\n<p style=\"margin-bottom: 0.5rem; line-height: 1.3;\"><span style=\"color: #777777; font-family: Open Sans, Helvetica, Arial, sans-serif;\"><span style=\"font-weight: 400; font-size: 14px;\">\u00a0<\/span><\/span><\/p>\n<h3 style=\"margin-bottom: 0.5rem; line-height: 1.3;\"><span style=\"color: #000000; font-family: Dosis, Helvetica, Arial, sans-serif;\"><span style=\"font-size: 28px;\">M\u00e1s informaci\u00f3n sobre el tratamiento<\/span><\/span><\/h3>\n<h3 style=\"margin-bottom: 0.5rem; line-height: 1.3;\"><span style=\"color: #000000; font-family: Dosis, Helvetica, Arial, sans-serif;\">Defensa legal<\/span><\/h3>\n<h3 style=\"margin-bottom: 0.5rem; line-height: 1.3;\"><span style=\"color: #777777; font-family: Open Sans, Helvetica, Arial, sans-serif;\"><span style=\"font-size: 14px; font-weight: 400;\">Los Datos Personales del Usuario pueden ser utilizados por el Responsable en un procedimiento legal o en las etapas previas a su posible establecimiento para la defensa contra el uso indebido de esta Aplicaci\u00f3n o de los Servicios relacionados por parte del Usuario.<\/span><\/span><\/h3>\n<h3 style=\"margin-bottom: 0.5rem; line-height: 1.3;\"><span style=\"color: #777777; font-family: Open Sans, Helvetica, Arial, sans-serif;\"><span style=\"font-size: 14px; font-weight: 400;\">El Usuario declara estar consciente de que el Responsable podr\u00eda estar obligado a revelar los Datos por orden de las autoridades p\u00fablicas.<\/span><\/span><\/h3>\n<h3 style=\"margin-bottom: 0.5rem; line-height: 1.3;\"><span style=\"color: #000000; font-family: Dosis, Helvetica, Arial, sans-serif;\">Informaci\u00f3n espec\u00edfica<\/span><\/h3>\n<h3 style=\"margin-bottom: 0.5rem; line-height: 1.3;\"><span style=\"color: #777777; font-family: Open Sans, Helvetica, Arial, sans-serif;\"><span style=\"font-size: 14px; font-weight: 400;\">A solicitud del Usuario, adem\u00e1s de la informaci\u00f3n contenida en esta pol\u00edtica de privacidad, esta Aplicaci\u00f3n puede proporcionar al Usuario informaci\u00f3n adicional y contextual sobre servicios espec\u00edficos o la recopilaci\u00f3n y el tratamiento de Datos Personales.<\/span><\/span><\/h3>\n<h3 style=\"margin-bottom: 0.5rem; line-height: 1.3;\"><span style=\"color: #000000; font-family: Dosis, Helvetica, Arial, sans-serif;\">Registros del sistema y mantenimiento<\/span><\/h3>\n<h3 style=\"margin-bottom: 0.5rem; line-height: 1.3;\"><span style=\"color: #777777; font-family: Open Sans, Helvetica, Arial, sans-serif;\"><span style=\"font-size: 14px; font-weight: 400;\">Por necesidades relacionadas con el funcionamiento y el mantenimiento, esta Aplicaci\u00f3n y los servicios de terceros que utiliza pueden recopilar registros del sistema, que son archivos que registran las interacciones y que tambi\u00e9n pueden contener Datos Personales, como la direcci\u00f3n IP del Usuario.<\/span><\/span><\/h3>\n<h3 style=\"margin-bottom: 0.5rem; line-height: 1.3;\"><span style=\"color: #000000; font-family: Dosis, Helvetica, Arial, sans-serif;\">Informaci\u00f3n no contenida en esta pol\u00edtica<\/span><\/h3>\n<h3 style=\"margin-bottom: 0.5rem; line-height: 1.3;\"><span style=\"color: #777777; font-family: Open Sans, Helvetica, Arial, sans-serif;\"><span style=\"font-size: 14px; font-weight: 400;\">Se puede solicitar informaci\u00f3n adicional sobre el tratamiento de Datos Personales en cualquier momento al Responsable utilizando los datos de contacto.<\/span><\/span><\/h3>\n<h3 style=\"margin-bottom: 0.5rem; line-height: 1.3;\"><span style=\"color: #000000; font-family: Dosis, Helvetica, Arial, sans-serif;\">Respuesta a las solicitudes de &#8220;No realizar seguimiento&#8221;<\/span><\/h3>\n<h3 style=\"margin-bottom: 0.5rem; line-height: 1.3;\"><span style=\"color: #777777; font-family: Open Sans, Helvetica, Arial, sans-serif;\"><span style=\"font-size: 14px; font-weight: 400;\">Esta Aplicaci\u00f3n no admite las solicitudes de &#8220;No realizar seguimiento&#8221;.<\/span><\/span><\/h3>\n<h3 style=\"margin-bottom: 0.5rem; line-height: 1.3;\"><span style=\"color: #777777; font-family: Open Sans, Helvetica, Arial, sans-serif;\"><span style=\"font-size: 14px; font-weight: 400;\">Para determinar si los eventuales servicios de terceros utilizados admiten estas solicitudes, se recomienda al Usuario consultar sus respectivas pol\u00edticas de privacidad.<\/span><\/span><\/h3>\n<h3 style=\"margin-bottom: 0.5rem; line-height: 1.3;\"><span style=\"color: #000000; font-family: Dosis, Helvetica, Arial, sans-serif;\">Cambios en esta pol\u00edtica de privacidad<\/span><\/h3>\n<p style=\"margin-bottom: 0.5rem; line-height: 1.3;\"><span style=\"color: #777777; font-family: Open Sans, Helvetica, Arial, sans-serif;\"><span style=\"font-size: 14px; font-weight: 400;\">El Responsable del Tratamiento se reserva el derecho de realizar cambios en esta pol\u00edtica de privacidad en cualquier momento, notific\u00e1ndolos a los Usuarios en esta p\u00e1gina y, cuando sea posible, en esta Aplicaci\u00f3n, as\u00ed como, si es t\u00e9cnicamente y legalmente factible, enviando una notificaci\u00f3n a los Usuarios a trav\u00e9s de uno de los datos de contacto disponibles. Por lo tanto, se recomienda revisar esta p\u00e1gina con frecuencia, haciendo referencia a la fecha de la \u00faltima modificaci\u00f3n indicada al final.<\/span><\/span><\/p>\n<p style=\"margin-bottom: 0.5rem; line-height: 1.3;\"><span style=\"color: #777777; font-family: Open Sans, Helvetica, Arial, sans-serif;\"><span style=\"font-size: 14px; font-weight: 400;\"><br \/><\/span><\/span><span style=\"font-size: 14px; font-weight: 400; color: #777777; font-family: 'Open Sans', Helvetica, Arial, sans-serif; font-style: inherit; background-color: var(--ast-global-color-4);\">Si los cambios afectan a tratamientos cuya base legal es el consentimiento, el Responsable recopilar\u00e1 nuevamente el consentimiento del Usuario, si es necesario.<\/span><\/p>\n<h3 style=\"margin-bottom: 0.5rem; line-height: 1.3;\"><span style=\"color: #000000; font-family: Dosis, Helvetica, Arial, sans-serif;\">Definiciones y referencias legales<\/span><\/h3>\n<h3 style=\"margin-bottom: 0.5rem; line-height: 1.3;\"><span style=\"color: #000000; font-family: Dosis, Helvetica, Arial, sans-serif;\"><span style=\"font-size: 18px;\">Datos Personales (o Datos)<\/span><\/span><\/h3>\n<h3 style=\"margin-bottom: 0.5rem; line-height: 1.3;\"><span style=\"color: #777777; font-family: Open Sans, Helvetica, Arial, sans-serif;\"><span style=\"font-size: 14px; font-weight: 400;\">Se considera dato personal cualquier informaci\u00f3n que, directa o indirectamente, incluso en relaci\u00f3n con cualquier otra informaci\u00f3n, incluido un n\u00famero de identificaci\u00f3n personal, permita identificar o hacer identificable a una persona f\u00edsica.<\/span><\/span><\/h3>\n<h3 style=\"margin-bottom: 0.5rem; line-height: 1.3;\"><span style=\"color: #000000; font-family: Dosis, Helvetica, Arial, sans-serif;\"><span style=\"font-size: 18px;\">Datos de Uso<\/span><\/span><\/h3>\n<p style=\"margin-bottom: 0.5rem; line-height: 1.3;\"><span style=\"color: #777777; font-family: Open Sans, Helvetica, Arial, sans-serif;\"><span style=\"font-size: 14px; font-weight: 400;\">Son los datos recopilados autom\u00e1ticamente a trav\u00e9s de esta Aplicaci\u00f3n (tambi\u00e9n de aplicaciones de terceros integradas en esta Aplicaci\u00f3n), que incluyen: las direcciones IP o los nombres de dominio de las computadoras utilizadas por el Usuario que se conecta a esta Aplicaci\u00f3n, las direcciones en notaci\u00f3n URI (Identificador de Recurso Uniforme), la hora de la solicitud, el m\u00e9todo utilizado para enviar la solicitud al servidor, el tama\u00f1o del archivo obtenido como respuesta, el c\u00f3digo num\u00e9rico que indica el estado de la respuesta del servidor (\u00e9xito, error, etc.), el pa\u00eds de origen, las caracter\u00edsticas del navegador y del sistema operativo utilizados por el visitante, las diferentes marcas de tiempo de la visita (por ejemplo, el tiempo de permanencia en cada p\u00e1gina) y los detalles relacionados con el itinerario seguido dentro de la Aplicaci\u00f3n, con especial referencia a la secuencia de las p\u00e1ginas consultadas, los par\u00e1metros relacionados con el sistema operativo y el entorno inform\u00e1tico del Usuario.<\/span><\/span><\/p>\n<h3 style=\"margin-bottom: 0.5rem; line-height: 1.3;\"><span style=\"color: #000000; font-family: Dosis, Helvetica, Arial, sans-serif;\"><span style=\"font-size: 18px;\">Usuario<\/span><\/span><\/h3>\n<h3 style=\"margin-bottom: 0.5rem; line-height: 1.3;\"><span style=\"color: #777777; font-family: Open Sans, Helvetica, Arial, sans-serif;\"><span style=\"font-size: 14px; font-weight: 400;\">La persona que utiliza esta Aplicaci\u00f3n, que, salvo que se especifique lo contrario, coincide con el Interesado.<\/span><\/span><\/h3>\n<h3 style=\"margin-bottom: 0.5rem; line-height: 1.3;\"><span style=\"color: #000000; font-family: Dosis, Helvetica, Arial, sans-serif;\"><span style=\"font-size: 18px;\">Interesado<\/span><\/span><\/h3>\n<p style=\"margin-bottom: 0.5rem; line-height: 1.3;\"><span style=\"color: #777777; font-family: Open Sans, Helvetica, Arial, sans-serif;\"><span style=\"font-size: 14px; font-weight: 400;\">La persona f\u00edsica a quien se refieren los Datos Personales.<\/span><\/span><\/p>\n<h3 style=\"margin-bottom: 0.5rem; line-height: 1.3;\"><span style=\"color: #000000; font-family: Dosis, Helvetica, Arial, sans-serif;\"><span style=\"font-size: 18px;\">Responsable del Tratamiento (o Responsable)<\/span><\/span><\/h3>\n<p style=\"margin-bottom: 0.5rem; line-height: 1.3;\"><span style=\"color: #777777; font-family: Open Sans, Helvetica, Arial, sans-serif;\"><span style=\"font-size: 14px; font-weight: 400;\">La persona f\u00edsica, jur\u00eddica, la administraci\u00f3n p\u00fablica y cualquier otra entidad que trate datos personales en nombre del Titular, seg\u00fan se expone en esta pol\u00edtica de privacidad.<\/span><\/span><\/p>\n<h3 style=\"margin-bottom: 0.5rem; line-height: 1.3;\"><span style=\"color: #000000; font-family: Dosis, Helvetica, Arial, sans-serif;\"><span style=\"font-size: 18px;\">Titular del Tratamiento (o Titular)<\/span><\/span><\/h3>\n<p style=\"margin-bottom: 0.5rem; line-height: 1.3;\"><span style=\"color: #777777; font-family: Open Sans, Helvetica, Arial, sans-serif;\"><span style=\"font-size: 14px; font-weight: 400;\">La persona f\u00edsica o jur\u00eddica, autoridad p\u00fablica, servicio u otro organismo que, individualmente o junto con otros, determina los fines y los medios del tratamiento de datos personales y las herramientas utilizadas, incluidas las medidas de seguridad relacionadas con el funcionamiento y el uso de esta Aplicaci\u00f3n. El Titular del Tratamiento, salvo que se especifique lo contrario, es el titular de esta Aplicaci\u00f3n.<\/span><\/span><\/p>\n<h3 style=\"margin-bottom: 0.5rem; line-height: 1.3;\"><span style=\"color: #000000; font-family: Dosis, Helvetica, Arial, sans-serif;\"><span style=\"font-size: 18px;\">Esta Aplicaci\u00f3n<\/span><\/span><\/h3>\n<h3 style=\"margin-bottom: 0.5rem; line-height: 1.3;\"><span style=\"color: #777777; font-family: Open Sans, Helvetica, Arial, sans-serif;\"><span style=\"font-size: 14px; font-weight: 400;\">La herramienta hardware o software a trav\u00e9s de la cual se recopilan y tratan los Datos Personales de los Usuarios.<\/span><\/span><\/h3>\n<h3 style=\"margin-bottom: 0.5rem; line-height: 1.3;\"><span style=\"color: #000000; font-family: Dosis, Helvetica, Arial, sans-serif;\"><span style=\"font-size: 18px;\">Servicio<\/span><\/span><\/h3>\n<h3 style=\"margin-bottom: 0.5rem; line-height: 1.3;\"><span style=\"color: #777777; font-family: Open Sans, Helvetica, Arial, sans-serif;\"><span style=\"font-size: 14px; font-weight: 400;\">El servicio proporcionado por esta Aplicaci\u00f3n, tal como se define en los t\u00e9rminos correspondientes (si los hay) en este sitio\/aplicaci\u00f3n.<\/span><\/span><\/h3>\n<h3 style=\"margin-bottom: 0.5rem; line-height: 1.3;\"><span style=\"color: #000000; font-family: Dosis, Helvetica, Arial, sans-serif;\"><span style=\"font-size: 18px;\">Uni\u00f3n Europea (UE)<\/span><\/span><\/h3>\n<h3 style=\"margin-bottom: 0.5rem; line-height: 1.3;\"><span style=\"color: #777777; font-family: Open Sans, Helvetica, Arial, sans-serif;\"><span style=\"font-size: 14px; font-weight: 400;\">Salvo que se especifique lo contrario, cualquier referencia a la Uni\u00f3n Europea en este documento se entiende que se refiere a todos los Estados miembros actuales de la Uni\u00f3n Europea y del Espacio Econ\u00f3mico Europeo.<\/span><\/span><\/h3>\n<h3 style=\"margin-bottom: 0.5rem; line-height: 1.3;\"><span style=\"color: #000000; font-family: Dosis, Helvetica, Arial, sans-serif;\"><span style=\"font-size: 18px;\">Cookies<\/span><\/span><\/h3>\n<h3 style=\"margin-bottom: 0.5rem; line-height: 1.3;\"><span style=\"color: #777777; font-family: Open Sans, Helvetica, Arial, sans-serif;\"><span style=\"font-size: 14px; font-weight: 400;\">Las cookies son herramientas de seguimiento que consisten en peque\u00f1os fragmentos de datos almacenados en el navegador del Usuario.<\/span><\/span><\/h3>\n<h3 style=\"margin-bottom: 0.5rem; line-height: 1.3;\"><span style=\"color: #000000; font-family: Dosis, Helvetica, Arial, sans-serif;\"><span style=\"font-size: 18px;\">Herramienta de Seguimiento<\/span><\/span><\/h3>\n<h3 style=\"margin-bottom: 0.5rem; line-height: 1.3;\"><span style=\"color: #777777; font-family: Open Sans, Helvetica, Arial, sans-serif;\"><span style=\"font-size: 14px; font-weight: 400;\">Se entiende por Herramienta de Seguimiento cualquier tecnolog\u00eda, como cookies, identificadores \u00fanicos, balizas web, scripts integrados, etiquetas electr\u00f3nicas y huellas digitales, que permita rastrear a los Usuarios, por ejemplo, recopilando o guardando informaci\u00f3n sobre el dispositivo del Usuario.<\/span><\/span><\/h3>\n<h3 style=\"margin-bottom: 0.5rem; line-height: 1.3;\"><span style=\"color: #000000; font-family: Dosis, Helvetica, Arial, sans-serif;\"><span style=\"font-size: 18px;\">Referencias legales<\/span><\/span><\/h3>\n<h3 style=\"margin-bottom: 0.5rem; line-height: 1.3;\"><span style=\"color: #777777; font-family: Open Sans, Helvetica, Arial, sans-serif;\"><span style=\"font-size: 14px; font-weight: 400;\">Esta pol\u00edtica de privacidad se basa en m\u00faltiples legislaciones, incluidos los art\u00edculos 13 y 14 del Reglamento (UE) 2016\/679.<\/span><\/span><\/h3>\n<h3 style=\"margin-bottom: 0.5rem; line-height: 1.3;\"><span style=\"color: #777777; font-family: Open Sans, Helvetica, Arial, sans-serif;\"><span style=\"font-size: 14px; font-weight: 400;\">Salvo que se especifique lo contrario, esta pol\u00edtica de privacidad se aplica exclusivamente a esta Aplicaci\u00f3n.<\/span><\/span><\/h3>\n<h3 style=\"margin-bottom: 0.5rem; line-height: 1.3;\"><span style=\"color: #777777; font-family: Open Sans, Helvetica, Arial, sans-serif;\"><span style=\"font-size: 14px; font-weight: 400;\">\u00daltima modificaci\u00f3n: 21 de abril de 2021<\/span><\/span><\/h3>\n<div>\n<p>\u00a0<\/p>\n<div><span style=\"font-size: 14px;\"><a href=\"https:\/\/www.iubenda.com\/it\/generatore-di-privacy-e-cookie-policy\">iubenda<\/a> aloja este contenido y recopila solo los <a href=\"https:\/\/www.iubenda.com\/privacy-policy\/19418041\">Datos Personales estrictamente necesarios<\/a> para su provisi\u00f3n.<\/span><\/div>\n<\/div>\n<p><\/p>\n<\/div>\t\t\t\t\t\t\t\t<\/div>\n\t\t\t\t<\/div>\n\t\t\t\t\t<\/div>\n\t\t<\/div>\n\t\t\t\t\t<\/div>\n\t\t<\/section>\n\t\t\t\t<\/div>\n\t\t","protected":false},"excerpt":{"rendered":"<p>Pol\u00edtica de privacidad de ebook.dental Esta Aplicaci\u00f3n recopila algunos Datos Personales de sus Usuarios. Este documento se puede imprimir utilizando el comando de impresi\u00f3n presente en la configuraci\u00f3n de cualquier navegador. Responsable del tratamiento de datos teamwork media srl &#8211; via Sicilia, 21a &#8211; 25069 Villa Carcina (BS) Indirizzo email del Titolare:\u00a0info@teamwork-media.com Tipologie di Dati [&hellip;]<\/p>\n","protected":false},"author":1,"featured_media":0,"parent":0,"menu_order":0,"comment_status":"closed","ping_status":"closed","template":"","meta":{"_uag_custom_page_level_css":"","site-sidebar-layout":"no-sidebar","site-content-layout":"page-builder","ast-site-content-layout":"default","site-content-style":"default","site-sidebar-style":"default","ast-global-header-display":"","ast-banner-title-visibility":"","ast-main-header-display":"","ast-hfb-above-header-display":"","ast-hfb-below-header-display":"","ast-hfb-mobile-header-display":"","site-post-title":"disabled","ast-breadcrumbs-content":"","ast-featured-img":"disabled","footer-sml-layout":"","theme-transparent-header-meta":"","adv-header-id-meta":"","stick-header-meta":"","header-above-stick-meta":"","header-main-stick-meta":"","header-below-stick-meta":"","astra-migrate-meta-layouts":"default","ast-page-background-enabled":"default","ast-page-background-meta":{"desktop":{"background-color":"","background-image":"","background-repeat":"repeat","background-position":"center center","background-size":"auto","background-attachment":"scroll","background-type":"","background-media":"","overlay-type":"","overlay-color":"","overlay-opacity":"","overlay-gradient":""},"tablet":{"background-color":"","background-image":"","background-repeat":"repeat","background-position":"center center","background-size":"auto","background-attachment":"scroll","background-type":"","background-media":"","overlay-type":"","overlay-color":"","overlay-opacity":"","overlay-gradient":""},"mobile":{"background-color":"","background-image":"","background-repeat":"repeat","background-position":"center center","background-size":"auto","background-attachment":"scroll","background-type":"","background-media":"","overlay-type":"","overlay-color":"","overlay-opacity":"","overlay-gradient":""}},"ast-content-background-meta":{"desktop":{"background-color":"var(--ast-global-color-5)","background-image":"","background-repeat":"repeat","background-position":"center center","background-size":"auto","background-attachment":"scroll","background-type":"","background-media":"","overlay-type":"","overlay-color":"","overlay-opacity":"","overlay-gradient":""},"tablet":{"background-color":"var(--ast-global-color-5)","background-image":"","background-repeat":"repeat","background-position":"center center","background-size":"auto","background-attachment":"scroll","background-type":"","background-media":"","overlay-type":"","overlay-color":"","overlay-opacity":"","overlay-gradient":""},"mobile":{"background-color":"var(--ast-global-color-5)","background-image":"","background-repeat":"repeat","background-position":"center center","background-size":"auto","background-attachment":"scroll","background-type":"","background-media":"","overlay-type":"","overlay-color":"","overlay-opacity":"","overlay-gradient":""}},"footnotes":""},"class_list":["post-5883","page","type-page","status-publish","hentry"],"lang":"es","translations":{"es":5883,"it":5879,"en":3,"de":5881,"hr":9086},"uagb_featured_image_src":{"full":false,"thumbnail":false,"medium":false,"medium_large":false,"large":false,"1536x1536":false,"2048x2048":false,"woocommerce_thumbnail":false,"woocommerce_single":false,"woocommerce_gallery_thumbnail":false},"uagb_author_info":{"display_name":"ebookdentalp","author_link":"https:\/\/you.dental\/?author=1"},"uagb_comment_info":0,"uagb_excerpt":"Pol\u00edtica de privacidad de ebook.dental Esta Aplicaci\u00f3n recopila algunos Datos Personales de sus Usuarios. Este documento se puede imprimir utilizando el comando de impresi\u00f3n presente en la configuraci\u00f3n de cualquier navegador. Responsable del tratamiento de datos teamwork media srl &#8211; via Sicilia, 21a &#8211; 25069 Villa Carcina (BS) Indirizzo email del Titolare:\u00a0info@teamwork-media.com Tipologie di Dati&hellip;","jetpack_sharing_enabled":true,"pll_sync_post":[],"_links":{"self":[{"href":"https:\/\/you.dental\/index.php?rest_route=\/wp\/v2\/pages\/5883","targetHints":{"allow":["GET"]}}],"collection":[{"href":"https:\/\/you.dental\/index.php?rest_route=\/wp\/v2\/pages"}],"about":[{"href":"https:\/\/you.dental\/index.php?rest_route=\/wp\/v2\/types\/page"}],"author":[{"embeddable":true,"href":"https:\/\/you.dental\/index.php?rest_route=\/wp\/v2\/users\/1"}],"replies":[{"embeddable":true,"href":"https:\/\/you.dental\/index.php?rest_route=%2Fwp%2Fv2%2Fcomments&post=5883"}],"version-history":[{"count":46,"href":"https:\/\/you.dental\/index.php?rest_route=\/wp\/v2\/pages\/5883\/revisions"}],"predecessor-version":[{"id":6006,"href":"https:\/\/you.dental\/index.php?rest_route=\/wp\/v2\/pages\/5883\/revisions\/6006"}],"wp:attachment":[{"href":"https:\/\/you.dental\/index.php?rest_route=%2Fwp%2Fv2%2Fmedia&parent=5883"}],"curies":[{"name":"wp","href":"https:\/\/api.w.org\/{rel}","templated":true}]}}